{"id":6087,"date":"2018-05-16T13:10:22","date_gmt":"2018-05-16T11:10:22","guid":{"rendered":"http:\/\/www.saetche.net\/blog\/?page_id=6087"},"modified":"2025-09-16T15:00:06","modified_gmt":"2025-09-16T13:00:06","slug":"datenschutz","status":"publish","type":"page","link":"https:\/\/www.saetche.net\/blog\/datenschutz\/","title":{"rendered":"Datenschutz"},"content":{"rendered":"\n<h1 class=\"wp-block-heading\">Datenschutzerkl\u00e4rung<\/h1>\n\n\n\n<h3 class=\"wp-block-heading\" id=\"dsg-general-intro\"><\/h3>\n\n\n\n<p>Diese Datenschutzerkl\u00e4rung kl\u00e4rt dich \u00fcber die Art, den Umfang und Zweck der Verarbeitung von personenbezogenen Daten (nachfolgend kurz \u201eDaten\u201c) innerhalb meines Onlineangebotes und der mit ihm verbundenen Webseiten, Funktionen und Inhalte sowie externen Onlinepr\u00e4senzen, wie z.B. meiner Social Media Profile auf. (nachfolgend gemeinsam bezeichnet als \u201eOnlineangebot\u201c). Im Hinblick auf die verwendeten Begrifflichkeiten, wie z.B. \u201eVerarbeitung\u201c oder \u201eVerantwortlicher\u201c verweise ich auf die Definitionen im Art. 4 der Datenschutzgrundverordnung (DSGVO).<\/p>\n\n\n\n<p id=\"dsg-general-controller\"><strong>Verantwortlicher<\/strong><\/p>\n\n\n\n<p><span class=\"tsmcontroller\">S . K r \u00f6 n e r<br><br>siehe auch:\u00a0<a href=\"http:\/\/www.saetche.net\/blog\/impressum\/\">Impressum<\/a><\/span><\/p>\n\n\n\n<p id=\"dsg-general-datatype\"><strong>Arten der verarbeiteten Daten<\/strong><\/p>\n\n\n\n<p>&#8211; Bestandsdaten (z.B., Namen, Adressen).<br>\n&#8211; Kontaktdaten (z.B., E-Mail, Telefonnummern).<br>\n&#8211; Inhaltsdaten (z.B., Texteingaben, Fotografien, Videos).<\/p>\n\n\n\n<p><strong>Zweck der Verarbeitung<\/strong><\/p>\n\n\n\n<p>&#8211; Zurverf\u00fcgungstellung des Onlineangebotes, seiner Funktionen und Inhalte.<br>\n&#8211; Beantwortung von Kontaktanfragen und Kommunikation mit Nutzern.<br>\n&#8211; Sicherheitsma\u00dfnahmen.<br>\n&#8211; Reichweitenmessung\/Marketing<\/p>\n\n\n\n<p id=\"dsg-general-terms\"><strong>Verwendete Begrifflichkeiten<\/strong><\/p>\n\n\n\n<p>\u201ePersonenbezogene Daten\u201c sind alle Informationen, die sich auf eine identifizierte oder identifizierbare nat\u00fcrliche Person (im Folgenden \u201ebetroffene Person\u201c) beziehen; als identifizierbar wird eine nat\u00fcrliche Person angesehen, die direkt oder indirekt, insbesondere mittels Zuordnung zu einer Kennung wie einem Namen, zu einer Kennnummer, zu Standortdaten, zu einer Online-Kennung (z.B. Cookie) oder zu einem oder mehreren besonderen Merkmalen identifiziert werden kann, die Ausdruck der physischen, physiologischen, genetischen, psychischen, wirtschaftlichen, kulturellen oder sozialen Identit\u00e4t dieser nat\u00fcrlichen Person sind.<\/p>\n\n\n\n<p>\u201eVerarbeitung\u201c ist jeder mit oder ohne Hilfe automatisierter Verfahren ausgef\u00fchrten Vorgang oder jede solche Vorgangsreihe im Zusammenhang mit personenbezogenen Daten. Der Begriff reicht weit und umfasst praktisch jeden Umgang mit Daten.<\/p>\n\n\n\n<p>Als \u201eVerantwortlicher\u201c wird die nat\u00fcrliche oder juristische Person, Beh\u00f6rde, Einrichtung oder andere Stelle, die allein oder gemeinsam mit anderen \u00fcber die Zwecke und Mittel der Verarbeitung von personenbezogenen Daten entscheidet, bezeichnet.<\/p>\n\n\n\n<p id=\"dsg-general-legalbasis\"><strong>Ma\u00dfgebliche Rechtsgrundlagen<\/strong><\/p>\n\n\n\n<p>Nach Ma\u00dfgabe des Art. 13 DSGVO teile ich dir die Rechtsgrundlagen meiner Datenverarbeitungen mit. Sofern die Rechtsgrundlage in der Datenschutzerkl\u00e4rung nicht genannt wird, gilt Folgendes: Die Rechtsgrundlage f\u00fcr die Einholung von Einwilligungen ist Art. 6 Abs. 1 lit. a und Art. 7 DSGVO, die Rechtsgrundlage f\u00fcr die Verarbeitung zur Erf\u00fcllung unserer Leistungen und Durchf\u00fchrung vertraglicher Ma\u00dfnahmen sowie Beantwortung von Anfragen ist Art. 6 Abs. 1 lit. b DSGVO, die Rechtsgrundlage f\u00fcr die Verarbeitung zur Erf\u00fcllung meiner rechtlichen Verpflichtungen ist Art. 6 Abs. 1 lit. c DSGVO, und die Rechtsgrundlage f\u00fcr die Verarbeitung zur Wahrung meiner berechtigten Interessen ist Art. 6 Abs. 1 lit. f DSGVO. F\u00fcr den Fall, dass lebenswichtige Interessen der betroffenen Person oder einer anderen nat\u00fcrlichen Person eine Verarbeitung personenbezogener Daten erforderlich machen, dient Art. 6 Abs. 1 lit. d DSGVO als Rechtsgrundlage.<\/p>\n\n\n\n<p id=\"dsg-general-securitymeasures\"><strong>Sicherheitsma\u00dfnahmen<\/strong><\/p>\n\n\n\n<p>Ich bitte dich, dich regelm\u00e4\u00dfig \u00fcber den Inhalt meiner Datenschutzerkl\u00e4rung zu informieren. Ich passe die Datenschutzerkl\u00e4rung an, sobald die \u00c4nderungen der von mir durchgef\u00fchrten Datenverarbeitungen dies erforderlich machen. Ich informieren dich, sobald durch die \u00c4nderungen eine Mitwirkungshandlung deinerseits (z.B. Einwilligung) oder eine sonstige individuelle Benachrichtigung erforderlich wird.<\/p>\n\n\n\n<p id=\"dsg-general-rightssubject\"><strong>Rechte der betroffenen Personen<\/strong><\/p>\n\n\n\n<p>Du hast das Recht, eine Best\u00e4tigung dar\u00fcber zu verlangen, ob betreffende Daten verarbeitet werden und auf Auskunft \u00fcber diese Daten sowie auf weitere Informationen und Kopie der Daten entsprechend Art. 15 DSGVO.<\/p>\n\n\n\n<p>Du hast entsprechend. Art. 16 DSGVO das Recht, die Vervollst\u00e4ndigung der dich betreffenden Daten oder die Berichtigung der dich betreffenden unrichtigen Daten zu verlangen.<\/p>\n\n\n\n<p>Du hast nach Ma\u00dfgabe des Art. 17 DSGVO das Recht zu verlangen, dass betreffende Daten unverz\u00fcglich gel\u00f6scht werden, bzw. alternativ nach Ma\u00dfgabe des Art. 18 DSGVO eine Einschr\u00e4nkung der Verarbeitung der Daten zu verlangen.<\/p>\n\n\n\n<p>Du hast das Recht zu verlangen, dass die dich betreffenden Daten, die du mir bereitgestellt hast, nach Ma\u00dfgabe des Art. 20 DSGVO zu erhalten und deren \u00dcbermittlung an andere Verantwortliche zu fordern.<\/p>\n\n\n\n<p>Du hast ferner gem. Art. 77 DSGVO das Recht, eine Beschwerde bei der zust\u00e4ndigen Aufsichtsbeh\u00f6rde einzureichen.<\/p>\n\n\n\n<p id=\"dsg-general-revokeconsent\"><strong>Widerrufsrecht<\/strong><\/p>\n\n\n\n<p>Du hast das Recht, erteilte Einwilligungen gem. Art. 7 Abs. 3 DSGVO mit Wirkung f\u00fcr die Zukunft zu widerrufen<\/p>\n\n\n\n<p id=\"dsg-general-object\"><strong>Widerspruchsrecht<\/strong><\/p>\n\n\n\n<p>Du kannst der k\u00fcnftigen Verarbeitung der dich betreffenden Daten nach Ma\u00dfgabe des Art. 21 DSGVO jederzeit widersprechen. Der Widerspruch kann insbesondere gegen die Verarbeitung f\u00fcr Zwecke der Direktwerbung erfolgen.<\/p>\n\n\n\n<p id=\"dsg-general-cookies\"><strong>Cookies und Widerspruchsrecht bei Direktwerbung<\/strong><\/p>\n\n\n\n<p>Als \u201eCookies\u201c werden kleine Dateien bezeichnet, die auf Rechnern der Nutzer gespeichert werden. Innerhalb der Cookies k\u00f6nnen unterschiedliche Angaben gespeichert werden. Ein Cookie dient prim\u00e4r dazu, die Angaben zu einem Nutzer (bzw. dem Ger\u00e4t auf dem das Cookie gespeichert ist) w\u00e4hrend oder auch nach seinem Besuch innerhalb eines Onlineangebotes zu speichern. Als tempor\u00e4re Cookies, bzw. \u201eSession-Cookies\u201c oder \u201etransiente Cookies\u201c, werden Cookies bezeichnet, die gel\u00f6scht werden, nachdem ein Nutzer ein Onlineangebot verl\u00e4sst und seinen Browser schlie\u00dft. In einem solchen Cookie kann z.B. der Inhalt eines Warenkorbs in einem Onlineshop oder ein Login-Staus gespeichert werden. Als \u201epermanent\u201c oder \u201epersistent\u201c werden Cookies bezeichnet, die auch nach dem Schlie\u00dfen des Browsers gespeichert bleiben. So kann z.B. der Login-Status gespeichert werden, wenn die Nutzer diese nach mehreren Tagen aufsuchen. Ebenso k\u00f6nnen in einem solchen Cookie die Interessen der Nutzer gespeichert werden, die f\u00fcr Reichweitenmessung oder Marketingzwecke verwendet werden. Als \u201eThird-Party-Cookie\u201c werden Cookies bezeichnet, die von anderen Anbietern als dem Verantwortlichen, der das Onlineangebot betreibt, angeboten werden (andernfalls, wenn es nur dessen Cookies sind spricht man von \u201eFirst-Party Cookies\u201c).<\/p>\n\n\n\n<p>Ich kann tempor\u00e4re und permanente Cookies einsetzen und kl\u00e4re hier\u00fcber im Rahmen meiner Datenschutzerkl\u00e4rung auf.<\/p>\n\n\n\n<p>Falls die Nutzer nicht m\u00f6chten, dass Cookies auf ihrem Rechner gespeichert werden, werden sie gebeten die entsprechende Option in den Systemeinstellungen ihres Browsers zu deaktivieren. Gespeicherte Cookies k\u00f6nnen in den Systemeinstellungen des Browsers gel\u00f6scht werden. Der Ausschluss von Cookies kann zu Funktionseinschr\u00e4nkungen dieses Onlineangebotes f\u00fchren.<\/p>\n\n\n\n<p>Ein genereller Widerspruch gegen den Einsatz der zu Zwecken des Onlinemarketing eingesetzten Cookies kann bei einer Vielzahl der Dienste, vor allem im Fall des Trackings, \u00fcber die US-amerikanische Seite <a href=\"http:\/\/www.aboutads.info\/choices\/\">http:\/\/www.aboutads.info\/choices\/<\/a> oder die EU-Seite <a href=\"http:\/\/www.youronlinechoices.com\/\">http:\/\/www.youronlinechoices.com\/<\/a> erkl\u00e4rt werden. Des Weiteren kann die Speicherung von Cookies mittels deren Abschaltung in den Einstellungen des Browsers erreicht werden. Bitte beachte, dass dann gegebenenfalls nicht alle Funktionen dieses Onlineangebotes genutzt werden k\u00f6nnen.<\/p>\n\n\n\n<p><strong>Kommentare und Beitr\u00e4ge<\/strong><\/p>\n\n\n\n<p><span class=\"ts-muster-content\">Wenn Nutzer Kommentare oder sonstige Beitr\u00e4ge hinterlassen, k\u00f6nnen ihre IP-Adressen auf Grundlage meines berechtigten Interesses im Sinne des Art. 6 Abs. 1 lit. f. DSGVO f\u00fcr 7 Tage gespeichert werden. Das erfolgt zu meiner Sicherheit, falls jemand in Kommentaren und Beitr\u00e4gen widerrechtliche Inhalte hinterl\u00e4sst (Beleidigungen, verbotene politische Propaganda, etc.). In diesem Fall kann ich selbst f\u00fcr den Kommentar oder Beitrag belangt werden und bin daher an der Identit\u00e4t des Verfassers interessiert.<\/span><\/p>\n\n\n\n<p>Des Weiteren behalte ich mir vor, auf Grundlage meines berechtigten Interesses gem. Art. 6 Abs. 1 lit. f. DSGVO, die Angaben der Nutzer zwecks Spamerkennung zu verarbeiten.<\/p>\n\n\n\n<p id=\"dsg-akismet\"><strong>Akismet Anti-Spam-Pr\u00fcfung<\/strong><\/p>\n\n\n\n<p><span class=\"ts-muster-content\">Mein Onlineangebot nutzt den Dienst \u201eAkismet\u201c, der von der Automattic Inc., 60 29th Street #343, San Francisco, CA 94110, USA, angeboten wird. Die Nutzung erfolgt auf Grundlage meines berechtigten Interesses im Sinne des Art. 6 Abs. 1 lit. f) DSGVO. Mit Hilfe dieses Dienstes werden Kommentare echter Menschen von Spam-Kommentaren unterschieden. Dazu werden alle Kommentarangaben an einen Server in den USA verschickt, wo sie analysiert und f\u00fcr Vergleichszwecke vier Tage lang gespeichert werden. Ist ein Kommentar als Spam eingestuft worden, werden die Daten \u00fcber diese Zeit hinaus gespeichert. Zu diesen Angaben geh\u00f6ren der eingegebene Name, die Emailadresse, die IP-Adresse, der Kommentarinhalt, der Referrer, Angaben zum verwendeten Browser sowie dem Computersystem und die Zeit des Eintrags.<\/span><\/p>\n\n\n\n<p>Automattic ist unter dem Privacy-Shield-Abkommen zertifiziert und bietet hierdurch eine Garantie, das europ\u00e4ische Datenschutzrecht einzuhalten (<a href=\"https:\/\/www.privacyshield.gov\/participant?id=a2zt0000000CbqcAAC&amp;status=Active\" target=\"_blank\" rel=\"noopener\">https:\/\/www.privacyshield.gov\/participant?id=a2zt0000000CbqcAAC&amp;status=Active<\/a>).<\/p>\n\n\n\n<p>N\u00e4here Informationen zur Erhebung und Nutzung der Daten durch Akismet finden sich in den Datenschutzhinweisen von Automattic: <a href=\"https:\/\/automattic.com\/privacy\/\" target=\"_blank\" rel=\"noopener\">https:\/\/automattic.com\/privacy\/<\/a>.<\/p>\n\n\n\n<p>Nutzer k\u00f6nnen gerne Pseudonyme nutzen, oder auf die Eingabe des Namens oder der Emailadresse verzichten. Sie k\u00f6nnen die \u00dcbertragung der Daten komplett verhindern, indem Sie unser Kommentarsystem nicht nutzen.<\/p>\n\n\n\n<p id=\"dsg-gravatar\"><strong>Abruf von Profilbildern bei Gravatar<\/strong><\/p>\n\n\n\n<p><span class=\"ts-muster-content\">Ich setze innerhalb meines Onlineangebotes und insbesondere im Blog den Dienst Gravatar der Automattic Inc., 60 29th Street #343, San Francisco, CA 94110, USA, ein.<\/span><\/p>\n\n\n\n<p>Gravatar ist ein Dienst, bei dem sich Nutzer anmelden und Profilbilder und ihre E-Mailadressen hinterlegen k\u00f6nnen. Wenn Nutzer mit der jeweiligen E-Mailadresse auf anderen Onlinepr\u00e4senzen (vor allem in Blogs) Beitr\u00e4ge oder Kommentare hinterlassen, k\u00f6nnen so deren Profilbilder neben den Beitr\u00e4gen oder Kommentaren dargestellt werden. Hierzu wird die von den Nutzern mitgeteilte E-Mailadresse an Gravatar zwecks Pr\u00fcfung, ob zu ihr ein Profil gespeichert ist, verschl\u00fcsselt \u00fcbermittelt. Dies ist der einzige Zweck der \u00dcbermittlung der E-Mailadresse und sie wird nicht f\u00fcr andere Zwecke verwendet, sondern danach gel\u00f6scht.<\/p>\n\n\n\n<p>Die Nutzung von Gravatar erfolgt auf Grundlage meines berechtigten Interesses im Sinne des Art. 6 Abs. 1 lit. f) DSGVO, da ich mit Hilfe von Gravatar den Beitrags- und Kommentarverfassern die M\u00f6glichkeit biete, ihre Beitr\u00e4ge mit einem Profilbild zu personalisieren.<\/p>\n\n\n\n<p>Automattic ist unter dem Privacy-Shield-Abkommen zertifiziert und bietet hierdurch eine Garantie, das europ\u00e4ische Datenschutzrecht einzuhalten (<a href=\"https:\/\/www.privacyshield.gov\/participant?id=a2zt0000000CbqcAAC&amp;status=Active\" target=\"_blank\" rel=\"noopener\">https:\/\/www.privacyshield.gov\/participant?id=a2zt0000000CbqcAAC&amp;status=Active<\/a>).<\/p>\n\n\n\n<p>Durch die Anzeige der Bilder bringt Gravatar die IP-Adresse der Nutzer in Erfahrung, da dies f\u00fcr eine Kommunikation zwischen einem Browser und einem Onlineservice notwendig ist. N\u00e4here Informationen zur Erhebung und Nutzung der Daten durch Gravatar finden sich in den Datenschutzhinweisen von Automattic: <a href=\"https:\/\/automattic.com\/privacy\/\">https:\/\/automattic.com\/privacy\/<\/a>.<\/p>\n\n\n\n<p>Wenn Nutzer nicht m\u00f6chten, dass ein mit Ihrer E-Mail-Adresse bei Gravatar verkn\u00fcpftes Benutzerbild in den Kommentaren erscheint, sollten Sie zum Kommentieren eine E-Mail-Adresse nutzen, welche nicht bei Gravatar hinterlegt ist. Ich weise ferner darauf hin, dass es auch m\u00f6glich ist eine anonyme oder gar keine E-Mailadresse zu verwenden, falls die Nutzer nicht w\u00fcnschen, dass die eigene E-Mailadresse an Gravatar \u00fcbersendet wird. Nutzer k\u00f6nnen die \u00dcbertragung der Daten komplett verhindern, indem sie die Kommentarsystem nicht nutzen.<\/p>\n\n\n\n<p><span style=\"font-family: Arial, serif;\"><b>Erhebung von Zugriffsdaten und Logfiles<\/b><\/span><\/p>\n\n\n\n<p><span style=\"font-family: Arial, serif;\">Ich erhebe auf Grundlage meines berechtigten Interesses im Sinne des Art. 6 Abs. 1 lit. f. DSGVO Daten \u00fcber jeden Zugriff auf den Server, auf dem sich dieser Dienst befindet (sogenannte Serverlogfiles). Zu den Zugriffsdaten geh\u00f6ren Name der abgerufenen Webseite, Datei, Datum und Uhrzeit des Abrufs, \u00fcbertragene Datenmenge, Meldung \u00fcber erfolgreichen Abruf, Browsertyp nebst Version, das Betriebssystem des Nutzers, Referrer URL (die zuvor besuchte Seite), IP-Adresse und der anfragende Provider.<\/span><span style=\"font-family: Arial, serif;\">Logfile-Informationen werden aus Sicherheitsgr\u00fcnden (z.B. zur Aufkl\u00e4rung von Missbrauchs- oder Betrugshandlungen) f\u00fcr die Dauer von maximal sieben Tagen gespeichert und danach gel\u00f6scht. Daten, deren weitere Aufbewahrung zu Beweiszwecken erforderlich ist, sind bis zur endg\u00fcltigen Kl\u00e4rung des jeweiligen Vorfalls von der L\u00f6schung ausgenommen.<\/span><\/p>\n\n\n\n<p id=\"dsg-socialmedia\"><strong>Onlinepr\u00e4senzen in sozialen Medien<\/strong><\/p>\n\n\n\n<p><span class=\"ts-muster-content\">Ich unterhalte Onlinepr\u00e4senzen innerhalb sozialer Netzwerke und Plattformen, um mit den dort aktiven Kunden, Interessenten und Nutzern kommunizieren und sie dort \u00fcber meine Leistungen informieren zu k\u00f6nnen. Beim Aufruf der jeweiligen Netzwerke und Plattformen gelten die Gesch\u00e4ftsbedingungen und die Datenverarbeitungsrichtlinien deren jeweiligen Betreiber.<\/span><\/p>\n\n\n\n<p>Soweit nicht anders im Rahmen meiner Datenschutzerkl\u00e4rung angegeben, verarbeite ich die Daten der Nutzer sofern diese mit mir innerhalb der sozialen Netzwerke und Plattformen kommunizieren, z.B. Beitr\u00e4ge auf meinen Onlinepr\u00e4senzen verfassen oder mir Nachrichten zusenden.<\/p>\n\n\n\n<p id=\"dsg-thirdparty-einleitung\"><strong>Einbindung von Diensten und Inhalten Dritter<\/strong><\/p>\n\n\n\n<p><span class=\"ts-muster-content\">Ich setze innerhalb meines Onlineangebotes auf Grundlage meines berechtigten Interesses (d.h. Interesse an der Analyse, Optimierung und wirtschaftlichem Betrieb meines Onlineangebotes im Sinne des Art. 6 Abs. 1 lit. f. DSGVO) Inhalts- oder Serviceangebote von Drittanbietern ein, um deren Inhalte und Services, wie z.B. Videos oder Schriftarten einzubinden (nachfolgend einheitlich bezeichnet als \u201cInhalte\u201d).<\/span><\/p>\n\n\n\n<p>Dies setzt immer voraus, dass die Drittanbieter dieser Inhalte, die IP-Adresse der Nutzer wahrnehmen, da sie ohne die IP-Adresse die Inhalte nicht an deren Browser senden k\u00f6nnten. Die IP-Adresse ist damit f\u00fcr die Darstellung dieser Inhalte erforderlich. Ich bem\u00fche mich, nur solche Inhalte zu verwenden, deren jeweilige Anbieter die IP-Adresse lediglich zur Auslieferung der Inhalte verwenden. Drittanbieter k\u00f6nnen ferner so genannte Pixel-Tags (unsichtbare Grafiken, auch als &#8222;Web Beacons&#8220; bezeichnet) f\u00fcr statistische oder Marketingzwecke verwenden. Durch die &#8222;Pixel-Tags&#8220; k\u00f6nnen Informationen, wie der Besucherverkehr auf den Seiten dieser Website ausgewertet werden. Die pseudonymen Informationen k\u00f6nnen ferner in Cookies auf dem Ger\u00e4t der Nutzer gespeichert werden und unter anderem technische Informationen zum Browser und Betriebssystem, verweisende Webseiten, Besuchszeit sowie weitere Angaben zur Nutzung meines Onlineangebotes enthalten, als auch mit solchen Informationen aus anderen Quellen verbunden werden.<\/p>\n\n\n\n<p><strong>Bandcamp<\/strong><\/p>\n\n\n\n<p>Ich binde Musik der Plattform \u201cBandcamp\u201d des Anbieters Bandcamp, 178 Castro Street San Francisco, CA 94114, USA ein. Wenn du eine meiner mit einem Bandcamp-Plugin ausgestatteten Seiten besuchst, wird eine Verbindung zu den Servern von Bandcamp hergestellt. Dabei wird dem Bandcamp-Server mitgeteilt, welche meiner Seiten du besucht hast. Wenn du in deinem Bandcamp-Account eingeloggt bist, erm\u00f6glichst du Bandcamp, dein Surfverhalten direkt deinem pers\u00f6nlichen Profil zuzuordnen. Dies kannst du verhindern, indem du dich aus Ihrem Bandcamp-Account ausloggst.<\/p>\n\n\n\n<p>Datenschutzerkl\u00e4rung:&nbsp;<a href=\"https:\/\/bandcamp.com\/privacy\">https:\/\/bandcamp.com\/privacy<\/a><\/p>\n\n\n\n<p><strong>Hear this<\/strong><\/p>\n\n\n\n<p>Ich binde Musik der Plattform \u201chearthis at\u201d des Anbieters Benedikt Gro\u00df,&nbsp;hearthis.at,&nbsp;Annaberger Strasse 282, 09125 Chemnitz, Deutschland ein. Wenn du eine meiner mit einem hearthis at-Plugin ausgestatteten Seiten besuchst, wird eine Verbindung zu den Servern von hearthis at hergestellt. Dabei wird dem hearthis at-Server mitgeteilt, welche meiner Seiten du besucht hast. Wenn du in deinem hearthis at-Account eingeloggt bist, erm\u00f6glichst du hearthis at, dein Surfverhalten direkt deinem pers\u00f6nlichen Profil zuzuordnen. Dies kannst du verhindern, indem du dich aus deinem hearthis at-Account ausloggst.<\/p>\n\n\n\n<p>Datenschutzerkl\u00e4rung:&nbsp;<a href=\"https:\/\/hearthis.at\/datenschutz\/\">https:\/\/hearthis.at\/datenschutz\/<\/a><\/p>\n\n\n\n<p id=\"dsg-thirdparty-vimeo\"><strong>Vimeo<\/strong><\/p>\n\n\n\n<p><span class=\"ts-muster-content\">Ich binde Videos der Plattform \u201cVimeo\u201d des Anbieters Vimeo Inc., Attention: Legal Department, 555 West 18th Street New York, New York 10011, USA, ein. <\/span><\/p>\n\n\n\n<p><span class=\"ts-muster-content\">Datenschutzerkl\u00e4rung: <a href=\"https:\/\/vimeo.com\/privacy\" target=\"_blank\" rel=\"noopener\">https:\/\/vimeo.com\/privacy<\/a>. <\/span><\/p>\n\n\n\n<p><span class=\"ts-muster-content\">Ich weise darauf hin, dass Vimeo Google Analytics einsetzen kann und verweise hierzu auf die Datenschutzerkl\u00e4rung (<a href=\"https:\/\/www.google.com\/policies\/privacy\" target=\"_blank\" rel=\"noopener\">https:\/\/www.google.com\/policies\/privacy<\/a>) sowie Opt-Out-M\u00f6glichkeiten f\u00fcr Google-Analytics (<a href=\"http:\/\/tools.google.com\/dlpage\/gaoptout?hl=de\" target=\"_blank\" rel=\"noopener\">http:\/\/tools.google.com\/dlpage\/gaoptout?hl=de<\/a>) oder die Einstellungen von Google f\u00fcr die Datennutzung zu Marketingzwecken (<a href=\"https:\/\/adssettings.google.com\/\" target=\"_blank\" rel=\"noopener\">https:\/\/adssettings.google.com\/.<\/a>).<\/span><\/p>\n\n\n\n<p id=\"dsg-thirdparty-youtube\"><strong>Youtube<\/strong><\/p>\n\n\n\n<p><span class=\"ts-muster-content\">Ich binde Videos der Plattform \u201cYouTube\u201d des Anbieters Google LLC, 1600 Amphitheatre Parkway, Mountain View, CA 94043, USA, ein. <\/span><\/p>\n\n\n\n<p><span class=\"ts-muster-content\">Datenschutzerkl\u00e4rung: <a href=\"https:\/\/www.google.com\/policies\/privacy\/\" target=\"_blank\" rel=\"noopener\">https:\/\/www.google.com\/policies\/privacy\/<\/a><\/span><\/p>\n\n\n\n<p><span class=\"ts-muster-content\">Opt-Out: <a href=\"https:\/\/adssettings.google.com\/authenticated\" target=\"_blank\" rel=\"noopener\">https:\/\/adssettings.google.com\/authenticated<\/a>.<\/span><\/p>\n\n\n\n<p id=\"dsg-thirdparty-twitter\"><strong>Twitter<\/strong><\/p>\n\n\n\n<p><span class=\"ts-muster-content\">Innerhalb meines Onlineangebotes k\u00f6nnen Funktionen und Inhalte des Dienstes Twitter, angeboten durch die Twitter Inc., 1355 Market Street, Suite 900, San Francisco, CA 94103, USA, eingebunden werden. Hierzu k\u00f6nnen z.B. Inhalte wie Bilder, Videos oder Texte und Schaltfl\u00e4chen geh\u00f6ren, mit denen Nutzer Ihr Gefallen betreffend der Inhalte kundtun oder meine Beitr\u00e4ge abonnieren k\u00f6nnen. Sofern die Nutzer Mitglieder der Plattform Twitter sind, kann Twitter den Aufruf der o.g. Inhalte und Funktionen den dortigen Profilen der Nutzer zuordnen. Twitter ist unter dem Privacy-Shield-Abkommen zertifiziert und bietet hierdurch eine Garantie, das europ\u00e4ische Datenschutzrecht einzuhalten (<a href=\"https:\/\/www.privacyshield.gov\/participant?id=a2zt0000000TORzAAO&amp;status=Active\" target=\"_blank\" rel=\"noopener\">https:\/\/www.privacyshield.gov\/participant?id=a2zt0000000TORzAAO&amp;status=Active<\/a>). <\/span><\/p>\n\n\n\n<p><span class=\"ts-muster-content\">Datenschutzerkl\u00e4rung: <a href=\"https:\/\/twitter.com\/de\/privacy\" target=\"_blank\" rel=\"noopener\">https:\/\/twitter.com\/de\/privacy<\/a><\/span><\/p>\n\n\n\n<p><span class=\"ts-muster-content\">Opt-Out: <a href=\"https:\/\/twitter.com\/personalization\" target=\"_blank\" rel=\"noopener\">https:\/\/twitter.com\/personalization<\/a>.<\/span><\/p>\n\n\n\n<p id=\"dsg-thirdparty-pinterest\"><\/p>\n","protected":false},"excerpt":{"rendered":"<p>Datenschutzerkl\u00e4rung Diese Datenschutzerkl\u00e4rung kl\u00e4rt dich \u00fcber die Art, den Umfang und Zweck der Verarbeitung von personenbezogenen Daten (nachfolgend kurz \u201eDaten\u201c) innerhalb meines Onlineangebotes und der mit ihm verbundenen Webseiten, Funktionen und Inhalte sowie externen Onlinepr\u00e4senzen, wie z.B. meiner Social Media &hellip; <a href=\"https:\/\/www.saetche.net\/blog\/datenschutz\/\">Weiterlesen <span class=\"meta-nav\">&rarr;<\/span><\/a><\/p>\n","protected":false},"author":2,"featured_media":0,"parent":0,"menu_order":0,"comment_status":"closed","ping_status":"closed","template":"","meta":{"footnotes":""},"class_list":["post-6087","page","type-page","status-publish","hentry"],"_links":{"self":[{"href":"https:\/\/www.saetche.net\/blog\/wp-json\/wp\/v2\/pages\/6087","targetHints":{"allow":["GET"]}}],"collection":[{"href":"https:\/\/www.saetche.net\/blog\/wp-json\/wp\/v2\/pages"}],"about":[{"href":"https:\/\/www.saetche.net\/blog\/wp-json\/wp\/v2\/types\/page"}],"author":[{"embeddable":true,"href":"https:\/\/www.saetche.net\/blog\/wp-json\/wp\/v2\/users\/2"}],"replies":[{"embeddable":true,"href":"https:\/\/www.saetche.net\/blog\/wp-json\/wp\/v2\/comments?post=6087"}],"version-history":[{"count":12,"href":"https:\/\/www.saetche.net\/blog\/wp-json\/wp\/v2\/pages\/6087\/revisions"}],"predecessor-version":[{"id":10788,"href":"https:\/\/www.saetche.net\/blog\/wp-json\/wp\/v2\/pages\/6087\/revisions\/10788"}],"wp:attachment":[{"href":"https:\/\/www.saetche.net\/blog\/wp-json\/wp\/v2\/media?parent=6087"}],"curies":[{"name":"wp","href":"https:\/\/api.w.org\/{rel}","templated":true}]}}